{"id":189,"date":"2018-03-14T20:58:48","date_gmt":"2018-03-14T20:58:48","guid":{"rendered":"https:\/\/www.asociacionanse.org\/else\/?page_id=189"},"modified":"2022-04-27T18:06:15","modified_gmt":"2022-04-27T18:06:15","slug":"ayudanos-a-mantener-el-else","status":"publish","type":"page","link":"https:\/\/www.asociacionanse.org\/else\/","title":{"rendered":"Ay\u00fadanos a mantener el Else"},"content":{"rendered":"<h1 style=\"margin-bottom: 5px; font-weight: bold;\">Ay\u00fadanos a mantener el Else<\/h1>\n<h2>para continuar protegiendo el Mediterr\u00e1neo<\/h2>\n<p><!--\n\n\n<div class=\"home-buttons\"><a class=\"button\" href=\"#generate-section-3\">M\u00e1s informaci\u00f3n<\/a> <a class=\"button green\" href=\"#generate-section-3\">Colaborar<\/a> <a class=\"button\" href=\"https:\/\/www.asociacionanse.org\/hazte-socio-de-anse\" target=\"_blank\" rel=\"noopener\">Hacerme socio<\/a><\/div>\n\n\n--><\/p>\n<div class=\"home-buttons\"><a class=\"button\" href=\"#generate-section-3\">M\u00e1s informaci\u00f3n<\/a> <span class=\"su-lightbox\" data-mfp-src=\".popup-donar\" data-mfp-type=\"inline\" data-mobile=\"yes\"><a class=\"button green\" style=\"cursor: pointer;\">Colaborar<\/a><\/span> <a class=\"button\" href=\"https:\/\/www.asociacionanse.org\/hazte-socio-de-anse\" target=\"_blank\" rel=\"noopener\">Hacerme socio<\/a><\/div>\n<p><img loading=\"lazy\" decoding=\"async\" class=\"size-full wp-image-34 alignnone\" src=\"https:\/\/www.asociacionanse.org\/else\/wp-content\/uploads\/sites\/4\/2016\/01\/elsenavegando.jpg\" alt=\"Else navegando\" width=\"465\" height=\"347\" srcset=\"https:\/\/www.asociacionanse.org\/else\/wp-content\/uploads\/sites\/4\/2016\/01\/elsenavegando.jpg 465w, https:\/\/www.asociacionanse.org\/else\/wp-content\/uploads\/sites\/4\/2016\/01\/elsenavegando-300x224.jpg 300w\" sizes=\"auto, (max-width: 465px) 100vw, 465px\" \/><\/p>\n<h2>\u00a1Emb\u00e1rcate en el Else<br \/>\npara descubrir aves, delfines, tortugas y la Naturaleza del Mediterr\u00e1neo!<\/h2>\n<div  class=\"lgc-column lgc-grid-parent lgc-grid-70 lgc-tablet-grid-70 lgc-mobile-grid-100 lgc-equal-heights \"><div  class=\"inside-grid-column\"> <img loading=\"lazy\" decoding=\"async\" class=\"aligncenter wp-image-74 size-full\" src=\"https:\/\/www.asociacionanse.org\/else\/wp-content\/uploads\/sites\/4\/2016\/01\/MULAR-Y-ELSE.jpg\" alt=\"Mular y Else\" width=\"1000\" height=\"669\" srcset=\"https:\/\/www.asociacionanse.org\/else\/wp-content\/uploads\/sites\/4\/2016\/01\/MULAR-Y-ELSE.jpg 1000w, https:\/\/www.asociacionanse.org\/else\/wp-content\/uploads\/sites\/4\/2016\/01\/MULAR-Y-ELSE-300x201.jpg 300w, https:\/\/www.asociacionanse.org\/else\/wp-content\/uploads\/sites\/4\/2016\/01\/MULAR-Y-ELSE-768x514.jpg 768w\" sizes=\"auto, (max-width: 1000px) 100vw, 1000px\" \/>\n<h2>Conoce al Else, sus aventuras y desventuras<\/h2>\n<p>El Else es una peque\u00f1a goleta danesa, de poco m\u00e1s de quince metros de eslora \u2013largo\u2013 y cuatro metros y medio de manga \u2013o ancho\u2013, que en septiembre de 1996, durante un temporal, qued\u00f3 a la deriva frente a las costas de Cartagena. Por eso fue remolcada a puerto, donde el Servicio Mar\u00edtimo de la Guardia Civil descubri\u00f3 en su bodega 1.500 kilos de hach\u00eds. Empez\u00f3 entonces un largu\u00edsimo procedimiento judicial que termin\u00f3 hace muy poco, en el a\u00f1o 2015. Al principio el Else qued\u00f3 abandonado en el puerto de Escombreras, donde fue saqueado y sufri\u00f3 graves da\u00f1os hasta que, en noviembre de 1997, fue entregado a la Asociaci\u00f3n de Naturalistas del Sureste, <strong>ANSE<\/strong>, en dep\u00f3sito judicial.<\/p>\n<h2><img loading=\"lazy\" decoding=\"async\" class=\"alignright size-medium wp-image-78\" src=\"https:\/\/www.asociacionanse.org\/wp-content\/uploads\/sites\/4\/2016\/01\/else-en-puerto-300x220.jpg\" alt=\"Reparando el Else\" width=\"300\" height=\"220\" srcset=\"https:\/\/www.asociacionanse.org\/else\/wp-content\/uploads\/sites\/4\/2016\/01\/else-en-puerto-300x220.jpg 300w, https:\/\/www.asociacionanse.org\/else\/wp-content\/uploads\/sites\/4\/2016\/01\/else-en-puerto-768x562.jpg 768w, https:\/\/www.asociacionanse.org\/else\/wp-content\/uploads\/sites\/4\/2016\/01\/else-en-puerto.jpg 1000w\" sizes=\"auto, (max-width: 300px) 100vw, 300px\" \/>ANSE al rescate<\/h2>\n<p>Desde entonces, la Asociaci\u00f3n ha desarrollado un ingente trabajo de restauraci\u00f3n y mantenimiento que ha requerido un enorme esfuerzo humano y econ\u00f3mico. Multitud de voluntarios han trabajado en la recuperaci\u00f3n y el mantenimiento del viejo velero. Y en los \u00faltimos ocho a\u00f1os y con much\u00edsimo esfuerzo <strong>ANSE ha invertido m\u00e1s de 130.000\u20ac en el barco<\/strong> para ponerlo al servicio del estudio y la protecci\u00f3n de la Naturaleza<\/p>\n<h2>\u00bfQu\u00e9 es ANSE?<\/h2>\n<p>La Asociaci\u00f3n de Naturalistas del Sureste, <strong>ANSE<\/strong>, fue fundada en 1973, por lo que es la organizaci\u00f3n ecologista y naturalista m\u00e1s antigua de Murcia y Alicante, y la cuarta de Espa\u00f1a. <img loading=\"lazy\" decoding=\"async\" class=\"alignleft wp-image-76 \" src=\"https:\/\/www.asociacionanse.org\/wp-content\/uploads\/sites\/4\/2016\/01\/logo-300x137.png\" alt=\"logo ANSE\" width=\"177\" height=\"75\" \/> <strong>ANSE<\/strong> es una organizaci\u00f3n sin \u00e1nimo de lucro, aut\u00f3noma e independiente de cualquier partido pol\u00edtico cuyo \u00e1mbito de actuaci\u00f3n es nacional, aunque centra gran parte de su actividad en el sureste ib\u00e9rico. Durante los \u00faltimos a\u00f1os tambi\u00e9n ha desarrollado trabajos en el norte de \u00c1frica y otros puntos del Mediterr\u00e1neo. Si quieres conocer mejor a <strong>ANSE<\/strong>, sus actividades, proyectos y campa\u00f1as, <a href=\"https:\/\/www.asociacionanse.org\/quienes-somos\" target=\"_blank\" rel=\"noopener\">visita su web<\/a>. <img loading=\"lazy\" decoding=\"async\" class=\"aligncenter wp-image-36 size-full\" src=\"https:\/\/www.asociacionanse.org\/wp-content\/uploads\/sites\/4\/2016\/01\/Tortuga-boba-e1453122029950.jpg\" alt=\"Tortuga boba\" width=\"718\" height=\"383\" srcset=\"https:\/\/www.asociacionanse.org\/else\/wp-content\/uploads\/sites\/4\/2016\/01\/Tortuga-boba-e1453122029950.jpg 718w, https:\/\/www.asociacionanse.org\/else\/wp-content\/uploads\/sites\/4\/2016\/01\/Tortuga-boba-e1453122029950-300x160.jpg 300w\" sizes=\"auto, (max-width: 718px) 100vw, 718px\" \/><\/p>\n<h2>El Else al servicio de la Naturaleza<\/h2>\n<p>El gran esfuerzo hecho por <strong>ANSE<\/strong> para recuperar y mantener al Else ha merecido la pena. La vieja goleta ha surcado las aguas comprendidas entre el sur de Alicante y el Estrecho de Gibraltar, en las orillas europea y africana del Mar de Albor\u00e1n, participando en diferentes proyectos de conservaci\u00f3n y seguimiento de las poblaciones de cet\u00e1ceos, tortugas y aves marinas. <img loading=\"lazy\" decoding=\"async\" class=\"alignleft size-medium wp-image-21\" src=\"https:\/\/www.asociacionanse.org\/wp-content\/uploads\/sites\/4\/2016\/01\/voluntariado-else-300x201.jpg\" alt=\"Voluntariado Else\" width=\"300\" height=\"201\" srcset=\"https:\/\/www.asociacionanse.org\/else\/wp-content\/uploads\/sites\/4\/2016\/01\/voluntariado-else-300x201.jpg 300w, https:\/\/www.asociacionanse.org\/else\/wp-content\/uploads\/sites\/4\/2016\/01\/voluntariado-else.jpg 617w\" sizes=\"auto, (max-width: 300px) 100vw, 300px\" \/>Solamente entre 2014 y 2015 el Else ha navegado 6.000 millas n\u00e1uticas, m\u00e1s de 11.000 kil\u00f3metros, y visitado multitud de puertos en Espa\u00f1a y Marruecos. La vieja Else ha participado tambi\u00e9n en acciones reivindicativas y divulgativas para denunciar la destrucci\u00f3n de espacios naturales por urbanizaciones y obras costeras, y desarrollado m\u00faltiples acciones a favor de la conservaci\u00f3n de h\u00e1bitats naturales y recursos marinos. <img loading=\"lazy\" decoding=\"async\" class=\"alignright size-medium wp-image-20\" src=\"https:\/\/www.asociacionanse.org\/wp-content\/uploads\/sites\/4\/2016\/01\/Posidonia-Motril_07-Red-300x200.jpg\" alt=\"Else Posidonia-Motril-Red\" width=\"300\" height=\"200\" srcset=\"https:\/\/www.asociacionanse.org\/else\/wp-content\/uploads\/sites\/4\/2016\/01\/Posidonia-Motril_07-Red-300x200.jpg 300w, https:\/\/www.asociacionanse.org\/else\/wp-content\/uploads\/sites\/4\/2016\/01\/Posidonia-Motril_07-Red-768x511.jpg 768w, https:\/\/www.asociacionanse.org\/else\/wp-content\/uploads\/sites\/4\/2016\/01\/Posidonia-Motril_07-Red-1024x682.jpg 1024w, https:\/\/www.asociacionanse.org\/else\/wp-content\/uploads\/sites\/4\/2016\/01\/Posidonia-Motril_07-Red.jpg 1202w\" sizes=\"auto, (max-width: 300px) 100vw, 300px\" \/><a href=\"https:\/\/www.asociacionanse.org\/?s=else\" target=\"_blank\" rel=\"noopener\">Haz clik aqu\u00ed <\/a>y podr\u00e1s comprobar que el trabajo desarrollado en los 17 a\u00f1os que venimos gestionando el barco es ingente y con tu ayuda podremos continuarlo e incluso aumentarlo durante mucho tiempo m\u00e1s. Ahora que ha terminado el largo tr\u00e1mite judicial, ha llegado el momento de que <strong>ANSE<\/strong> adquiera la embarcaci\u00f3n y cubra una parte pendiente de los gastos de amarre generados durante los \u00faltimos a\u00f1os en el puerto de Cartagena. <img loading=\"lazy\" decoding=\"async\" class=\"alignnone size-large wp-image-42\" src=\"https:\/\/www.asociacionanse.org\/else\/wp-content\/uploads\/sites\/4\/2016\/01\/delfines-saltando2-1024x441.jpg\" alt=\"delfines-saltando2\" width=\"1024\" height=\"441\" srcset=\"https:\/\/www.asociacionanse.org\/else\/wp-content\/uploads\/sites\/4\/2016\/01\/delfines-saltando2-1024x441.jpg 1024w, https:\/\/www.asociacionanse.org\/else\/wp-content\/uploads\/sites\/4\/2016\/01\/delfines-saltando2-300x129.jpg 300w, https:\/\/www.asociacionanse.org\/else\/wp-content\/uploads\/sites\/4\/2016\/01\/delfines-saltando2-768x331.jpg 768w, https:\/\/www.asociacionanse.org\/else\/wp-content\/uploads\/sites\/4\/2016\/01\/delfines-saltando2.jpg 1096w\" sizes=\"auto, (max-width: 1024px) 100vw, 1024px\" \/><\/p>\n<h2>\u00bfC\u00f3mo puedes ayudar?<\/h2>\n<p>Donando una peque\u00f1a suma y recibiendo a cambio un gran recuerdo del Else. Si donas solo cinco euros \u2013cuatro si eres socio\u2013 tendr\u00e1s una jarra del Else y a partir de solo 50\u20ac podr\u00e1s embarcarte en el Else para participar en actividades como el seguimiento de poblaciones de aves marinas, cet\u00e1ceos, tortugas, etc. Consulta la lista de recompensas y elige la tuya. O <a href=\"https:\/\/www.asociacionanse.org\/hazte-socio-de-anse\" target=\"_blank\" rel=\"noopener\">hazte socio de ANSE<\/a>.<\/p>\n<div class=\"home-buttons\"><span class=\"su-lightbox\" data-mfp-src=\".popup-donar\" data-mfp-type=\"inline\" data-mobile=\"yes\"><a class=\"button green\" style=\"cursor: pointer;\">\u00a1Colabora ya!<\/a><\/span><\/div>\n<div class=\"popup-donar mfp-hide\">\n<h2>\u00bfC\u00f3mo puedes hacer tu donaci\u00f3n?<\/h2>\n<p>Puedes donar la cantidad de dinero que desees. Elige la forma de pago que m\u00e1s te convenga y rellena despu\u00e9s el siguiente formulario para que sepamos que has hecho un ingreso en concepto de donaci\u00f3n.<\/p>\n<h4>Paypal y\/o tarjeta de cr\u00e9dito:<\/h4>\n<form style=\"text-align: center;\" action=\"https:\/\/www.paypal.com\/cgi-bin\/webscr\" method=\"post\" target=\"_top\"><input name=\"cmd\" type=\"hidden\" value=\"_s-xclick\" \/> <input name=\"hosted_button_id\" type=\"hidden\" value=\"6DDPUNA787LV2\" \/> <input alt=\"PayPal. La forma r\u00e1pida y segura de pagar en Internet.\" name=\"submit\" src=\"https:\/\/www.paypalobjects.com\/es_ES\/ES\/i\/btn\/btn_donateCC_LG.gif\" type=\"image\" \/> <img loading=\"lazy\" decoding=\"async\" src=\"https:\/\/www.paypalobjects.com\/es_ES\/i\/scr\/pixel.gif\" alt=\"\" width=\"1\" height=\"1\" border=\"0\" \/><\/form>\n<h4>Transferencia bancaria a cualquiera de las siguientes cuentas:<\/h4>\n<ul style=\"margin-left: 80px;\">\n<li>Sabadell CAM. IBAN: ES47 0081 1109 1300 0100 0507<\/li>\n<li>Cajamar. IBAN: ES89 3058 0252 7027 2001 1420<\/li>\n<\/ul>\n\n<div class=\"wpcf7 no-js\" id=\"wpcf7-f59-o1\" lang=\"es-ES\" dir=\"ltr\" data-wpcf7-id=\"59\">\n<div class=\"screen-reader-response\"><p role=\"status\" aria-live=\"polite\" aria-atomic=\"true\"><\/p> <ul><\/ul><\/div>\n<form action=\"\/else\/wp-json\/wp\/v2\/pages\/189#wpcf7-f59-o1\" method=\"post\" class=\"wpcf7-form init\" aria-label=\"Formulario de contacto\" novalidate=\"novalidate\" data-status=\"init\">\n<fieldset class=\"hidden-fields-container\"><input type=\"hidden\" name=\"_wpcf7\" value=\"59\" \/><input type=\"hidden\" name=\"_wpcf7_version\" value=\"6.1.5\" \/><input type=\"hidden\" name=\"_wpcf7_locale\" value=\"es_ES\" \/><input type=\"hidden\" name=\"_wpcf7_unit_tag\" value=\"wpcf7-f59-o1\" \/><input type=\"hidden\" name=\"_wpcf7_container_post\" value=\"0\" \/><input type=\"hidden\" name=\"_wpcf7_posted_data_hash\" value=\"\" \/>\n<\/fieldset>\n<p>\u00bfQuieres tu recompensa?\n<\/p>\n<p><span class=\"wpcf7-form-control-wrap\" data-name=\"recompensa\"><input size=\"40\" maxlength=\"400\" class=\"wpcf7-form-control wpcf7-text\" aria-invalid=\"false\" value=\"\" type=\"text\" name=\"recompensa\" \/><\/span>\n<\/p>\n<p>Cantidad donada\n<\/p>\n<p><span class=\"wpcf7-form-control-wrap\" data-name=\"cantidad\"><input size=\"40\" maxlength=\"400\" class=\"wpcf7-form-control wpcf7-text\" aria-invalid=\"false\" value=\"\" type=\"text\" name=\"cantidad\" \/><\/span>\n<\/p>\n<p>Nombre*\n<\/p>\n<p><span class=\"wpcf7-form-control-wrap\" data-name=\"nombre\"><input size=\"40\" maxlength=\"400\" class=\"wpcf7-form-control wpcf7-text wpcf7-validates-as-required\" aria-required=\"true\" aria-invalid=\"false\" value=\"\" type=\"text\" name=\"nombre\" \/><\/span>\n<\/p>\n<p>Email*\n<\/p>\n<p><span class=\"wpcf7-form-control-wrap\" data-name=\"email\"><input size=\"40\" maxlength=\"400\" class=\"wpcf7-form-control wpcf7-email wpcf7-validates-as-required wpcf7-text wpcf7-validates-as-email\" aria-required=\"true\" aria-invalid=\"false\" value=\"\" type=\"email\" name=\"email\" \/><\/span>\n<\/p>\n<p>Tel\u00e9fono\n<\/p>\n<p><span class=\"wpcf7-form-control-wrap\" data-name=\"telefono\"><input size=\"40\" maxlength=\"400\" class=\"wpcf7-form-control wpcf7-text\" aria-invalid=\"false\" value=\"\" type=\"text\" name=\"telefono\" \/><\/span>\n<\/p>\n<p>Localidad\n<\/p>\n<p><span class=\"wpcf7-form-control-wrap\" data-name=\"localidad\"><input size=\"40\" maxlength=\"400\" class=\"wpcf7-form-control wpcf7-text\" aria-invalid=\"false\" value=\"\" type=\"text\" name=\"localidad\" \/><\/span>\n<\/p>\n<p>Pa\u00eds\n<\/p>\n<p><span class=\"wpcf7-form-control-wrap\" data-name=\"pais\"><input size=\"40\" maxlength=\"400\" class=\"wpcf7-form-control wpcf7-text\" aria-invalid=\"false\" value=\"\" type=\"text\" name=\"pais\" \/><\/span>\n<\/p>\n<p><span class=\"wpcf7-form-control-wrap\" data-name=\"aceptacion\"><span class=\"wpcf7-form-control wpcf7-acceptance\"><span class=\"wpcf7-list-item\"><input type=\"checkbox\" name=\"aceptacion\" value=\"1\" aria-invalid=\"false\" \/><\/span><\/span><\/span> He le\u00eddo y acepto los <a href=\"https:\/\/www.asociacionanse.org\/aviso-legal\" target=\"_blank\">t\u00e9rminos y condiciones<\/a>\n<\/p>\n<p><small><strong>Informaci\u00f3n b\u00e1sica de protecci\u00f3n de datos:<\/strong><br \/>\nResponsable: ANSE. Asociaci\u00f3n de Naturalistas del Sureste.<br \/>\nFinalidad: Contabilidad y atender solicitud.<br \/>\nLegitimaci\u00f3n: Consentimiento expreso.<br \/>\nDestinatarios: Anse, entidades financieras, y servidor fuera de la UE (solo si te suscribes al bolet\u00edn).<br \/>\nDerechos: Acceso, rectificaci\u00f3n, supresi\u00f3n, oposici\u00f3n y portabilidad de los datos.<br \/>\nInformaci\u00f3n adicional: <a href=\"\/aviso-legal\">Aviso Legal<\/a><\/small>\n<\/p>\n<p><input class=\"wpcf7-form-control wpcf7-submit has-spinner\" type=\"submit\" value=\"Enviar\" \/>\n<\/p>\n<p><small>* Necesario para enviar el formulario<\/small>\n<\/p><div class=\"wpcf7-response-output\" aria-hidden=\"true\"><\/div>\n<\/form>\n<\/div>\n<\/div>\n<\/div><\/div><div  class=\"lgc-column lgc-grid-parent lgc-grid-30 lgc-tablet-grid-30 lgc-mobile-grid-100 lgc-equal-heights \"><div  class=\"inside-grid-column\"><span style=\"text-decoration: underline;\">RECOMPENSAS<\/span>\n<p style=\"text-align: center;\"><strong>ANSE quiere agradecer tu generosa colaboraci\u00f3n<\/strong><\/p>\n<h2 class=\"donar\"><strong>Desde 1\u20ac<\/strong><\/h2>\n<p>Cada euro cuenta y servir\u00e1 para que el Else siga al servicio de la Naturaleza, te mantendremos informado sobre sus actividades y t\u00fa y nosotros sabremos que has contribuido a que ello sea posible.<\/p>\n<div class=\"home-buttons\">\u00a1Ay\u00fadanos ya a mantener el Else! \u00a1An\u00edmate!<\/div>\n<div class=\"home-buttons\"><span class=\"su-lightbox\" data-mfp-src=\".popup-donar\" data-mfp-type=\"inline\" data-mobile=\"yes\"><a class=\"button green\" style=\"cursor: pointer;\">Colabora<\/a><\/span><\/div>\n<h2 class=\"donar\"><strong>Desde 5\u20ac<\/strong> 4\u20ac para socios<\/h2>\n<p><img loading=\"lazy\" decoding=\"async\" class=\"wp-image-56 aligncenter\" src=\"https:\/\/www.asociacionanse.org\/else\/wp-content\/uploads\/sites\/4\/2016\/01\/taza-pequenya-300x292.png\" alt=\"taza-pequenya\" width=\"200\" height=\"194\" srcset=\"https:\/\/www.asociacionanse.org\/else\/wp-content\/uploads\/sites\/4\/2016\/01\/taza-pequenya-300x292.png 300w, https:\/\/www.asociacionanse.org\/else\/wp-content\/uploads\/sites\/4\/2016\/01\/taza-pequenya.png 500w\" sizes=\"auto, (max-width: 200px) 100vw, 200px\" \/> Una jarrita* para que tengas el recuerdo del Else siempre a mano y para record\u00e1rtelo a\u00fan m\u00e1s, te mantendremos informado de sus actividades. \u00a1Ay\u00fadanos ya a mantener el Else y consigue tu jarrita!<\/p>\n<div class=\"home-buttons\"><span class=\"su-lightbox\" data-mfp-src=\".popup-donar\" data-mfp-type=\"inline\" data-mobile=\"yes\"><a class=\"button green\" style=\"cursor: pointer;\">\u00a1Me la pido!*<\/a><\/span><\/div>\n<p><small>*Las tazas y jarras se entregan personalmente en las oficinas de Anse en Murcia o Cartagena.<\/small><\/p>\n<h2 class=\"donar\"><strong>Desde 10\u20ac<\/strong> 8\u20ac para socios<\/h2>\n<p><img loading=\"lazy\" decoding=\"async\" class=\"wp-image-57 aligncenter\" src=\"https:\/\/www.asociacionanse.org\/wp-content\/uploads\/sites\/4\/2016\/01\/jarra-278x300.png\" alt=\"jarra\" width=\"210\" height=\"227\" srcset=\"https:\/\/www.asociacionanse.org\/else\/wp-content\/uploads\/sites\/4\/2016\/01\/jarra-278x300.png 278w, https:\/\/www.asociacionanse.org\/else\/wp-content\/uploads\/sites\/4\/2016\/01\/jarra.png 500w\" sizes=\"auto, (max-width: 210px) 100vw, 210px\" \/> Una jarra* grande para que tengas un gran recuerdo del Else siempre a mano y para record\u00e1rtelo a\u00fan m\u00e1s, te mantendremos informado de sus actividades. \u00a1Ay\u00fadanos ya a mantener el Else y consigue tu jarra!<\/p>\n<div class=\"home-buttons\"><span class=\"su-lightbox\" data-mfp-src=\".popup-donar\" data-mfp-type=\"inline\" data-mobile=\"yes\"><a class=\"button green\" style=\"cursor: pointer;\">\u00a1La quiero!*<\/a><\/span><\/div>\n<p><small>*Las tazas y jarras se entregan personalmente en las oficinas de Anse en Murcia o Cartagena.<\/small><\/p>\n<h2 class=\"donar\"><strong>Desde 50\u20ac<\/strong><\/h2>\n<p><img loading=\"lazy\" decoding=\"async\" class=\"aligncenter size-medium wp-image-27\" src=\"https:\/\/www.asociacionanse.org\/wp-content\/uploads\/sites\/4\/2016\/01\/Abordo-300x159.jpg\" alt=\"Abordo\" width=\"300\" height=\"159\" srcset=\"https:\/\/www.asociacionanse.org\/else\/wp-content\/uploads\/sites\/4\/2016\/01\/Abordo-300x159.jpg 300w, https:\/\/www.asociacionanse.org\/else\/wp-content\/uploads\/sites\/4\/2016\/01\/Abordo.jpg 750w\" sizes=\"auto, (max-width: 300px) 100vw, 300px\" \/> Una salida a la mar a bordo del Else para seguimiento de fauna marina durante un d\u00eda, un recuerdo para toda la vida. Y por si te falla la memoria, te mantendremos informado sobre las actividades del Else. \u00a1Ay\u00fadanos ya a mantener el Else y vente a navegar!<\/p>\n<div class=\"home-buttons\"><span class=\"su-lightbox\" data-mfp-src=\".popup-donar\" data-mfp-type=\"inline\" data-mobile=\"yes\"><a class=\"button green\" style=\"cursor: pointer;\">\u00a1Quiero embarcarme!<\/a><\/span><\/div>\n<h2 class=\"donar\"><strong>Desde 100\u20ac<\/strong><\/h2>\n<p><img loading=\"lazy\" decoding=\"async\" class=\"aligncenter wp-image-11 size-medium\" src=\"https:\/\/www.asociacionanse.org\/wp-content\/uploads\/sites\/4\/2016\/01\/Else-proyecto-posidonia-300x201.jpg\" alt=\"Else-proyecto-posidonia\" width=\"300\" height=\"201\" srcset=\"https:\/\/www.asociacionanse.org\/else\/wp-content\/uploads\/sites\/4\/2016\/01\/Else-proyecto-posidonia-300x201.jpg 300w, https:\/\/www.asociacionanse.org\/else\/wp-content\/uploads\/sites\/4\/2016\/01\/Else-proyecto-posidonia.jpg 700w\" sizes=\"auto, (max-width: 300px) 100vw, 300px\" \/> Una salida a la mar a bordo del Else para seguimiento de fauna marina durante un fin de semana, un recuerdo para toda la vida. Y por si te falla la memoria, te mantendremos informado sobre las actividades del Else. <a name=\"infodesgrava\"><\/a>\u00a1Ay\u00fadanos ya a mantener el Else y vente a navegar!<\/p>\n<div class=\"home-buttons\"><span class=\"su-lightbox\" data-mfp-src=\".popup-donar\" data-mfp-type=\"inline\" data-mobile=\"yes\"><a class=\"button green\" style=\"cursor: pointer;\">\u00a1Quiero embarcarme!<\/a><\/span><\/div>\n<div class=\"home-buttons\">\n<hr \/>\n<p><small>*Las tazas y jarras se entregan personalmente en las oficinas de Anse en Murcia o Cartagena.<\/small> <!--&#091;su_qrcode data=\"Ay\u00fadanos a comprar el ELSE\" title=\"Ay\u00fadanos a comprar el ELSE\" align=\"center\"&#093;--><\/p><\/div><\/div><div class=\"lgc-clear\"><\/div><\/div><\/div>\n","protected":false},"excerpt":{"rendered":"<p>Ay\u00fadanos a mantener el Else para continuar protegiendo el Mediterr\u00e1neo M\u00e1s informaci\u00f3n Hacerme socio \u00a1Emb\u00e1rcate en el Else para descubrir aves, delfines, tortugas y la Naturaleza del Mediterr\u00e1neo!<\/p>\n","protected":false},"author":2,"featured_media":0,"parent":0,"menu_order":0,"comment_status":"closed","ping_status":"open","template":"","meta":{"footnotes":""},"class_list":["post-189","page","type-page","status-publish"],"yoast_head":"<!-- This site is optimized with the Yoast SEO plugin v26.2 - https:\/\/yoast.com\/wordpress\/plugins\/seo\/ -->\n<title>Ay\u00fadanos a mantener el Else - ELSE<\/title>\n<meta name=\"robots\" content=\"index, follow, max-snippet:-1, max-image-preview:large, max-video-preview:-1\" \/>\n<link rel=\"canonical\" href=\"https:\/\/www.asociacionanse.org\/else\/\" \/>\n<meta property=\"og:locale\" content=\"es_ES\" \/>\n<meta property=\"og:type\" content=\"article\" \/>\n<meta property=\"og:title\" content=\"Ay\u00fadanos a mantener el Else - ELSE\" \/>\n<meta property=\"og:description\" content=\"Ay\u00fadanos a mantener el Else para continuar protegiendo el Mediterr\u00e1neo M\u00e1s informaci\u00f3n Hacerme socio \u00a1Emb\u00e1rcate en el Else para descubrir aves, delfines, tortugas y la Naturaleza del Mediterr\u00e1neo!\" \/>\n<meta property=\"og:url\" content=\"https:\/\/www.asociacionanse.org\/else\/\" \/>\n<meta property=\"og:site_name\" content=\"ELSE\" \/>\n<meta property=\"article:publisher\" content=\"https:\/\/www.facebook.com\/AsociacionANSE\" \/>\n<meta property=\"article:modified_time\" content=\"2022-04-27T18:06:15+00:00\" \/>\n<meta property=\"og:image\" content=\"https:\/\/www.asociacionanse.org\/else\/wp-content\/uploads\/sites\/4\/2016\/01\/elsenavegando.jpg\" \/>\n<meta name=\"twitter:card\" content=\"summary_large_image\" \/>\n<meta name=\"twitter:site\" content=\"@asociacionanse\" \/>\n<meta name=\"twitter:label1\" content=\"Tiempo de lectura\" \/>\n\t<meta name=\"twitter:data1\" content=\"8 minutos\" \/>\n<script type=\"application\/ld+json\" class=\"yoast-schema-graph\">{\"@context\":\"https:\/\/schema.org\",\"@graph\":[{\"@type\":\"WebPage\",\"@id\":\"https:\/\/www.asociacionanse.org\/else\/\",\"url\":\"https:\/\/www.asociacionanse.org\/else\/\",\"name\":\"Ay\u00fadanos a mantener el Else - ELSE\",\"isPartOf\":{\"@id\":\"https:\/\/www.asociacionanse.org\/else\/#website\"},\"primaryImageOfPage\":{\"@id\":\"https:\/\/www.asociacionanse.org\/else\/#primaryimage\"},\"image\":{\"@id\":\"https:\/\/www.asociacionanse.org\/else\/#primaryimage\"},\"thumbnailUrl\":\"https:\/\/www.asociacionanse.org\/else\/wp-content\/uploads\/sites\/4\/2016\/01\/elsenavegando.jpg\",\"datePublished\":\"2018-03-14T20:58:48+00:00\",\"dateModified\":\"2022-04-27T18:06:15+00:00\",\"breadcrumb\":{\"@id\":\"https:\/\/www.asociacionanse.org\/else\/#breadcrumb\"},\"inLanguage\":\"es\",\"potentialAction\":[{\"@type\":\"ReadAction\",\"target\":[\"https:\/\/www.asociacionanse.org\/else\/\"]}]},{\"@type\":\"ImageObject\",\"inLanguage\":\"es\",\"@id\":\"https:\/\/www.asociacionanse.org\/else\/#primaryimage\",\"url\":\"https:\/\/www.asociacionanse.org\/else\/wp-content\/uploads\/sites\/4\/2016\/01\/elsenavegando.jpg\",\"contentUrl\":\"https:\/\/www.asociacionanse.org\/else\/wp-content\/uploads\/sites\/4\/2016\/01\/elsenavegando.jpg\",\"width\":465,\"height\":347,\"caption\":\"Else navegando\"},{\"@type\":\"BreadcrumbList\",\"@id\":\"https:\/\/www.asociacionanse.org\/else\/#breadcrumb\",\"itemListElement\":[{\"@type\":\"ListItem\",\"position\":1,\"name\":\"Portada\",\"item\":\"https:\/\/www.asociacionanse.org\/else\/\"},{\"@type\":\"ListItem\",\"position\":2,\"name\":\"Ay\u00fadanos a mantener el Else\"}]},{\"@type\":\"WebSite\",\"@id\":\"https:\/\/www.asociacionanse.org\/else\/#website\",\"url\":\"https:\/\/www.asociacionanse.org\/else\/\",\"name\":\"ELSE\",\"description\":\"El viejo velero de ANSE - Asociaci\u00f3n de Naturalistas del Sureste\",\"publisher\":{\"@id\":\"https:\/\/www.asociacionanse.org\/else\/#organization\"},\"potentialAction\":[{\"@type\":\"SearchAction\",\"target\":{\"@type\":\"EntryPoint\",\"urlTemplate\":\"https:\/\/www.asociacionanse.org\/else\/?s={search_term_string}\"},\"query-input\":{\"@type\":\"PropertyValueSpecification\",\"valueRequired\":true,\"valueName\":\"search_term_string\"}}],\"inLanguage\":\"es\"},{\"@type\":\"Organization\",\"@id\":\"https:\/\/www.asociacionanse.org\/else\/#organization\",\"name\":\"ANSE - Asociaci\u00f3n de Naturalistas del Sureste\",\"url\":\"https:\/\/www.asociacionanse.org\/else\/\",\"logo\":{\"@type\":\"ImageObject\",\"inLanguage\":\"es\",\"@id\":\"https:\/\/www.asociacionanse.org\/else\/#\/schema\/logo\/image\/\",\"url\":\"\",\"contentUrl\":\"\",\"caption\":\"ANSE - Asociaci\u00f3n de Naturalistas del Sureste\"},\"image\":{\"@id\":\"https:\/\/www.asociacionanse.org\/else\/#\/schema\/logo\/image\/\"},\"sameAs\":[\"https:\/\/www.facebook.com\/AsociacionANSE\",\"https:\/\/x.com\/asociacionanse\"]}]}<\/script>\n<!-- \/ Yoast SEO plugin. -->","yoast_head_json":{"title":"Ay\u00fadanos a mantener el Else - ELSE","robots":{"index":"index","follow":"follow","max-snippet":"max-snippet:-1","max-image-preview":"max-image-preview:large","max-video-preview":"max-video-preview:-1"},"canonical":"https:\/\/www.asociacionanse.org\/else\/","og_locale":"es_ES","og_type":"article","og_title":"Ay\u00fadanos a mantener el Else - ELSE","og_description":"Ay\u00fadanos a mantener el Else para continuar protegiendo el Mediterr\u00e1neo M\u00e1s informaci\u00f3n Hacerme socio \u00a1Emb\u00e1rcate en el Else para descubrir aves, delfines, tortugas y la Naturaleza del Mediterr\u00e1neo!","og_url":"https:\/\/www.asociacionanse.org\/else\/","og_site_name":"ELSE","article_publisher":"https:\/\/www.facebook.com\/AsociacionANSE","article_modified_time":"2022-04-27T18:06:15+00:00","og_image":[{"url":"https:\/\/www.asociacionanse.org\/else\/wp-content\/uploads\/sites\/4\/2016\/01\/elsenavegando.jpg","type":"","width":"","height":""}],"twitter_card":"summary_large_image","twitter_site":"@asociacionanse","twitter_misc":{"Tiempo de lectura":"8 minutos"},"schema":{"@context":"https:\/\/schema.org","@graph":[{"@type":"WebPage","@id":"https:\/\/www.asociacionanse.org\/else\/","url":"https:\/\/www.asociacionanse.org\/else\/","name":"Ay\u00fadanos a mantener el Else - ELSE","isPartOf":{"@id":"https:\/\/www.asociacionanse.org\/else\/#website"},"primaryImageOfPage":{"@id":"https:\/\/www.asociacionanse.org\/else\/#primaryimage"},"image":{"@id":"https:\/\/www.asociacionanse.org\/else\/#primaryimage"},"thumbnailUrl":"https:\/\/www.asociacionanse.org\/else\/wp-content\/uploads\/sites\/4\/2016\/01\/elsenavegando.jpg","datePublished":"2018-03-14T20:58:48+00:00","dateModified":"2022-04-27T18:06:15+00:00","breadcrumb":{"@id":"https:\/\/www.asociacionanse.org\/else\/#breadcrumb"},"inLanguage":"es","potentialAction":[{"@type":"ReadAction","target":["https:\/\/www.asociacionanse.org\/else\/"]}]},{"@type":"ImageObject","inLanguage":"es","@id":"https:\/\/www.asociacionanse.org\/else\/#primaryimage","url":"https:\/\/www.asociacionanse.org\/else\/wp-content\/uploads\/sites\/4\/2016\/01\/elsenavegando.jpg","contentUrl":"https:\/\/www.asociacionanse.org\/else\/wp-content\/uploads\/sites\/4\/2016\/01\/elsenavegando.jpg","width":465,"height":347,"caption":"Else navegando"},{"@type":"BreadcrumbList","@id":"https:\/\/www.asociacionanse.org\/else\/#breadcrumb","itemListElement":[{"@type":"ListItem","position":1,"name":"Portada","item":"https:\/\/www.asociacionanse.org\/else\/"},{"@type":"ListItem","position":2,"name":"Ay\u00fadanos a mantener el Else"}]},{"@type":"WebSite","@id":"https:\/\/www.asociacionanse.org\/else\/#website","url":"https:\/\/www.asociacionanse.org\/else\/","name":"ELSE","description":"El viejo velero de ANSE - Asociaci\u00f3n de Naturalistas del Sureste","publisher":{"@id":"https:\/\/www.asociacionanse.org\/else\/#organization"},"potentialAction":[{"@type":"SearchAction","target":{"@type":"EntryPoint","urlTemplate":"https:\/\/www.asociacionanse.org\/else\/?s={search_term_string}"},"query-input":{"@type":"PropertyValueSpecification","valueRequired":true,"valueName":"search_term_string"}}],"inLanguage":"es"},{"@type":"Organization","@id":"https:\/\/www.asociacionanse.org\/else\/#organization","name":"ANSE - Asociaci\u00f3n de Naturalistas del Sureste","url":"https:\/\/www.asociacionanse.org\/else\/","logo":{"@type":"ImageObject","inLanguage":"es","@id":"https:\/\/www.asociacionanse.org\/else\/#\/schema\/logo\/image\/","url":"","contentUrl":"","caption":"ANSE - Asociaci\u00f3n de Naturalistas del Sureste"},"image":{"@id":"https:\/\/www.asociacionanse.org\/else\/#\/schema\/logo\/image\/"},"sameAs":["https:\/\/www.facebook.com\/AsociacionANSE","https:\/\/x.com\/asociacionanse"]}]}},"_links":{"self":[{"href":"https:\/\/www.asociacionanse.org\/else\/wp-json\/wp\/v2\/pages\/189","targetHints":{"allow":["GET"]}}],"collection":[{"href":"https:\/\/www.asociacionanse.org\/else\/wp-json\/wp\/v2\/pages"}],"about":[{"href":"https:\/\/www.asociacionanse.org\/else\/wp-json\/wp\/v2\/types\/page"}],"author":[{"embeddable":true,"href":"https:\/\/www.asociacionanse.org\/else\/wp-json\/wp\/v2\/users\/2"}],"replies":[{"embeddable":true,"href":"https:\/\/www.asociacionanse.org\/else\/wp-json\/wp\/v2\/comments?post=189"}],"version-history":[{"count":0,"href":"https:\/\/www.asociacionanse.org\/else\/wp-json\/wp\/v2\/pages\/189\/revisions"}],"wp:attachment":[{"href":"https:\/\/www.asociacionanse.org\/else\/wp-json\/wp\/v2\/media?parent=189"}],"curies":[{"name":"wp","href":"https:\/\/api.w.org\/{rel}","templated":true}]}}